{"id":5490,"date":"2024-01-30T14:05:24","date_gmt":"2024-01-30T19:05:24","guid":{"rendered":"https:\/\/cpas.scfp.qc.ca\/?page_id=5490"},"modified":"2024-02-21T15:57:50","modified_gmt":"2024-02-21T20:57:50","slug":"perisoignants","status":"publish","type":"page","link":"https:\/\/cpas.scfp.qc.ca\/?page_id=5490","title":{"rendered":"P\u00e9ri-soignants"},"content":{"rendered":"\t\t<div data-elementor-type=\"wp-page\" data-elementor-id=\"5490\" class=\"elementor elementor-5490\" data-elementor-settings=\"{&quot;ha_cmc_init_switcher&quot;:&quot;no&quot;}\" data-elementor-post-type=\"page\">\n\t\t\t\t<div class=\"elementor-element elementor-element-8882e5e e-flex e-con-boxed wpr-particle-no wpr-jarallax-no wpr-parallax-no wpr-sticky-section-no wpr-equal-height-no e-con e-parent\" data-id=\"8882e5e\" data-element_type=\"container\" data-e-type=\"container\" data-settings=\"{&quot;background_background&quot;:&quot;classic&quot;,&quot;_ha_eqh_enable&quot;:false}\">\n\t\t\t\t\t<div class=\"e-con-inner\">\n\t\t\t\t<div class=\"elementor-element elementor-element-2ef0306 elementor-widget elementor-widget-image\" data-id=\"2ef0306\" data-element_type=\"widget\" data-e-type=\"widget\" data-widget_type=\"image.default\">\n\t\t\t\t<div class=\"elementor-widget-container\">\n\t\t\t\t\t\t\t\t\t\t\t\t\t\t\t<img fetchpriority=\"high\" decoding=\"async\" width=\"497\" height=\"116\" src=\"https:\/\/cpas.scfp.qc.ca\/wp-content\/uploads\/2024\/01\/image_edited.jpg\" class=\"attachment-medium_large size-medium_large wp-image-5495\" alt=\"\" srcset=\"https:\/\/cpas.scfp.qc.ca\/wp-content\/uploads\/2024\/01\/image_edited.jpg 497w, https:\/\/cpas.scfp.qc.ca\/wp-content\/uploads\/2024\/01\/image_edited-300x70.jpg 300w\" sizes=\"(max-width: 497px) 100vw, 497px\" \/>\t\t\t\t\t\t\t\t\t\t\t\t\t\t\t<\/div>\n\t\t\t\t<\/div>\n\t\t\t\t\t<\/div>\n\t\t\t\t<\/div>\n\t\t<div class=\"elementor-element elementor-element-89b772a e-flex e-con-boxed wpr-particle-no wpr-jarallax-no wpr-parallax-no wpr-sticky-section-no wpr-equal-height-no e-con e-parent\" data-id=\"89b772a\" data-element_type=\"container\" data-e-type=\"container\" data-settings=\"{&quot;_ha_eqh_enable&quot;:false}\">\n\t\t\t\t\t<div class=\"e-con-inner\">\n\t\t<div class=\"elementor-element elementor-element-8e5388c e-con-full e-flex wpr-particle-no wpr-jarallax-no wpr-parallax-no wpr-sticky-section-no wpr-equal-height-no e-con e-child\" data-id=\"8e5388c\" data-element_type=\"container\" data-e-type=\"container\" data-settings=\"{&quot;_ha_eqh_enable&quot;:false}\">\n\t\t\t\t<div class=\"elementor-element elementor-element-e4e2ff7 elementor-widget elementor-widget-heading\" data-id=\"e4e2ff7\" data-element_type=\"widget\" data-e-type=\"widget\" data-widget_type=\"heading.default\">\n\t\t\t\t<div class=\"elementor-widget-container\">\n\t\t\t\t\t<h2 class=\"elementor-heading-title elementor-size-default\"><h2 style=\"background: transparent;border: 0px;padding: 0px;vertical-align: baseline;font-size: 30px;line-height: normal;margin: 0px\"><span style=\"background: transparent;border: 0px;margin: 0px;padding: 0px;vertical-align: baseline\">Notre nom<\/span><\/h2><\/h2>\t\t\t\t<\/div>\n\t\t\t\t<\/div>\n\t\t\t\t<div class=\"elementor-element elementor-element-d2cc191 elementor-widget elementor-widget-text-editor\" data-id=\"d2cc191\" data-element_type=\"widget\" data-e-type=\"widget\" data-widget_type=\"text-editor.default\">\n\t\t\t\t<div class=\"elementor-widget-container\">\n\t\t\t\t\t\t\t\t\t<p>Le n\u00e9ologisme p\u00e9risoignant est form\u00e9 du pr\u00e9fixe \u00ab p\u00e9ri \u00bb, venant du grec et signifiant \u00ab autour \u00bb, et du mot \u00ab soignant \u00bb. Il d\u00e9signe les diff\u00e9rents employ\u00e9s des \u00e9tablissements qui rel\u00e8vent du syst\u00e8me de sant\u00e9 et de services sociaux, autres que le personnel m\u00e9dical, et qui assument une multitude de t\u00e2ches dans le prolongement des soins et services.<\/p>\t\t\t\t\t\t\t\t<\/div>\n\t\t\t\t<\/div>\n\t\t\t\t<\/div>\n\t\t<div class=\"elementor-element elementor-element-037a664 e-con-full e-flex wpr-particle-no wpr-jarallax-no wpr-parallax-no wpr-sticky-section-no wpr-equal-height-no e-con e-child\" data-id=\"037a664\" data-element_type=\"container\" data-e-type=\"container\" data-settings=\"{&quot;_ha_eqh_enable&quot;:false}\">\n\t\t\t\t<div class=\"elementor-element elementor-element-c097828 elementor-widget elementor-widget-heading\" data-id=\"c097828\" data-element_type=\"widget\" data-e-type=\"widget\" data-widget_type=\"heading.default\">\n\t\t\t\t<div class=\"elementor-widget-container\">\n\t\t\t\t\t<h2 class=\"elementor-heading-title elementor-size-default\">Une question d\u2019identit\u00e9<\/h2>\t\t\t\t<\/div>\n\t\t\t\t<\/div>\n\t\t\t\t<div class=\"elementor-element elementor-element-b08f782 elementor-widget elementor-widget-text-editor\" data-id=\"b08f782\" data-element_type=\"widget\" data-e-type=\"widget\" data-widget_type=\"text-editor.default\">\n\t\t\t\t<div class=\"elementor-widget-container\">\n\t\t\t\t\t\t\t\t\t<p>Contrairement \u00e0 des groupes bien d\u00e9finis et connus, comme les m\u00e9decins et les administrateurs, notre groupe d\u2019emplois n\u2019avait pas de nom pour l\u2019identifier spontan\u00e9ment et le distinguer.<\/p>\t\t\t\t\t\t\t\t<\/div>\n\t\t\t\t<\/div>\n\t\t\t\t<\/div>\n\t\t<div class=\"elementor-element elementor-element-fb5f00b e-con-full e-flex wpr-particle-no wpr-jarallax-no wpr-parallax-no wpr-sticky-section-no wpr-equal-height-no e-con e-child\" data-id=\"fb5f00b\" data-element_type=\"container\" data-e-type=\"container\" data-settings=\"{&quot;_ha_eqh_enable&quot;:false}\">\n\t\t\t\t<div class=\"elementor-element elementor-element-736cbcd elementor-widget elementor-widget-heading\" data-id=\"736cbcd\" data-element_type=\"widget\" data-e-type=\"widget\" data-widget_type=\"heading.default\">\n\t\t\t\t<div class=\"elementor-widget-container\">\n\t\t\t\t\t<h2 class=\"elementor-heading-title elementor-size-default\"><h1 style=\"background: transparent;border: 0px;padding: 0px;vertical-align: baseline;font-size: 30px;line-height: normal;margin: 0px\"><span style=\"background: transparent;border: 0px;margin: 0px;padding: 0px;vertical-align: baseline\">Une initiative du CPAS<\/span><\/h1><\/h2>\t\t\t\t<\/div>\n\t\t\t\t<\/div>\n\t\t\t\t<div class=\"elementor-element elementor-element-7df8a41 elementor-widget elementor-widget-text-editor\" data-id=\"7df8a41\" data-element_type=\"widget\" data-e-type=\"widget\" data-widget_type=\"text-editor.default\">\n\t\t\t\t<div class=\"elementor-widget-container\">\n\t\t\t\t\t\t\t\t\t<p class=\"font_8 wixui-rich-text__text\"><span class=\"color_26 wixui-rich-text__text\">Le nom p\u00e9risoignant a \u00e9t\u00e9 cr\u00e9\u00e9 en 2012 \u00e0 l\u2019initiative du CPAS, qui regroupe 63 syndicats locaux repr\u00e9sentant plus de 20 000 employ\u00e9s du secteur public de la sant\u00e9 et des services sociaux.<\/span><\/p><p class=\"font_8 wixui-rich-text__text\"><span class=\"color_26 wixui-rich-text__text\">L\u2019adoption de cette nouvelle appellation fait partie des multiples efforts d\u00e9ploy\u00e9s par le CPAS et le SCFP pour faire reconna\u00eetre l\u2019importance du r\u00f4le de leurs membres et la valeur de leur travail dans le r\u00e9seau public de la sant\u00e9 et des services sociaux.<\/span><\/p>\t\t\t\t\t\t\t\t<\/div>\n\t\t\t\t<\/div>\n\t\t\t\t<\/div>\n\t\t<div class=\"elementor-element elementor-element-75f4026 e-con-full e-flex wpr-particle-no wpr-jarallax-no wpr-parallax-no wpr-sticky-section-no wpr-equal-height-no e-con e-child\" data-id=\"75f4026\" data-element_type=\"container\" data-e-type=\"container\" data-settings=\"{&quot;_ha_eqh_enable&quot;:false}\">\n\t\t\t\t<div class=\"elementor-element elementor-element-85acf18 elementor-widget elementor-widget-heading\" data-id=\"85acf18\" data-element_type=\"widget\" data-e-type=\"widget\" data-widget_type=\"heading.default\">\n\t\t\t\t<div class=\"elementor-widget-container\">\n\t\t\t\t\t<h2 class=\"elementor-heading-title elementor-size-default\"><h2 style=\"background: transparent;border: 0px;padding: 0px;vertical-align: baseline;font-size: 30px;line-height: normal;margin: 0px\"><span style=\"background: transparent;border: 0px;margin: 0px;padding: 0px;vertical-align: baseline\">En sant\u00e9, au public<\/span><\/h2><\/h2>\t\t\t\t<\/div>\n\t\t\t\t<\/div>\n\t\t\t\t<div class=\"elementor-element elementor-element-f0e6d2a elementor-widget elementor-widget-text-editor\" data-id=\"f0e6d2a\" data-element_type=\"widget\" data-e-type=\"widget\" data-widget_type=\"text-editor.default\">\n\t\t\t\t<div class=\"elementor-widget-container\">\n\t\t\t\t\t\t\t\t\t<p>Le monde des p\u00e9risoignants est vaste et compte des gens d\u2019une multitude de disciplines. Votre formation pourrait peut-\u00eatre vous permettre d\u2019y faire une carri\u00e8re gratifiante. Et en oeuvrant dans le r\u00e9seau public de la sant\u00e9 et des services sociaux, c\u2019est au service des Qu\u00e9b\u00e9cois, et non d\u2019une compagnie, que vous exercerez vos talents et comp\u00e9tences. Pensez-y et renseignez-vous !<\/p>\t\t\t\t\t\t\t\t<\/div>\n\t\t\t\t<\/div>\n\t\t\t\t<\/div>\n\t\t<div class=\"elementor-element elementor-element-22d3f62 e-con-full e-flex wpr-particle-no wpr-jarallax-no wpr-parallax-no wpr-sticky-section-no wpr-equal-height-no e-con e-child\" data-id=\"22d3f62\" data-element_type=\"container\" data-e-type=\"container\" data-settings=\"{&quot;_ha_eqh_enable&quot;:false}\">\n\t\t\t\t<div class=\"elementor-element elementor-element-f4e80a9 elementor-widget elementor-widget-heading\" data-id=\"f4e80a9\" data-element_type=\"widget\" data-e-type=\"widget\" data-widget_type=\"heading.default\">\n\t\t\t\t<div class=\"elementor-widget-container\">\n\t\t\t\t\t<h2 class=\"elementor-heading-title elementor-size-default\">Qui sommes-nous<\/h2>\t\t\t\t<\/div>\n\t\t\t\t<\/div>\n\t\t\t\t<div class=\"elementor-element elementor-element-0515c12 elementor-widget elementor-widget-text-editor\" data-id=\"0515c12\" data-element_type=\"widget\" data-e-type=\"widget\" data-widget_type=\"text-editor.default\">\n\t\t\t\t<div class=\"elementor-widget-container\">\n\t\t\t\t\t\t\t\t\t<p class=\"font_8 wixui-rich-text__text\"><span class=\"color_26 wixui-rich-text__text\">Nous sommes des intervenants de disciplines tr\u00e8s diverses. De mille et une fa\u00e7ons, nous travaillons \u00e0 la sant\u00e9 et au bien-\u00eatre de millions d\u2019usagers du r\u00e9seau public de sant\u00e9 et de services sociaux.<\/span><\/p><p class=\"font_8 wixui-rich-text__text\"><span style=\"text-align: var(--text-align); font-size: 1rem;\">Nous apprenons \u00e0 des patients \u00e0 se remettre en mouvement, veillons \u00e0 leur bien-\u00eatre et \u00e0 leur autonomie, pr\u00e9parons leurs m\u00e9dicaments. Nous d\u00e9sinfectons les salles d\u2019op\u00e9ration, installons des appareils, cuisinons les repas, nettoyons la literie. Nous accueillons et renseignons. Nous voyons au bon fonctionnement des installations. Nous veillons \u00e0 la s\u00e9curit\u00e9, participons au cheminement des jeunes en difficult\u00e9 et contribuons \u00e0 l\u2019autonomie des personnes ayant des d\u00e9ficits visuels, auditifs ou autres. Et beaucoup plus encore.<\/span><\/p>\t\t\t\t\t\t\t\t<\/div>\n\t\t\t\t<\/div>\n\t\t\t\t<\/div>\n\t\t<div class=\"elementor-element elementor-element-906a465 e-con-full e-flex wpr-particle-no wpr-jarallax-no wpr-parallax-no wpr-sticky-section-no wpr-equal-height-no e-con e-child\" data-id=\"906a465\" data-element_type=\"container\" data-e-type=\"container\" data-settings=\"{&quot;_ha_eqh_enable&quot;:false}\">\n\t\t\t\t<div class=\"elementor-element elementor-element-93b2c4d elementor-widget elementor-widget-heading\" data-id=\"93b2c4d\" data-element_type=\"widget\" data-e-type=\"widget\" data-widget_type=\"heading.default\">\n\t\t\t\t<div class=\"elementor-widget-container\">\n\t\t\t\t\t<h2 class=\"elementor-heading-title elementor-size-default\">O\u00f9 travaillons-nous<\/h2>\t\t\t\t<\/div>\n\t\t\t\t<\/div>\n\t\t\t\t<div class=\"elementor-element elementor-element-626ae30 elementor-widget elementor-widget-text-editor\" data-id=\"626ae30\" data-element_type=\"widget\" data-e-type=\"widget\" data-widget_type=\"text-editor.default\">\n\t\t\t\t<div class=\"elementor-widget-container\">\n\t\t\t\t\t\t\t\t\t<p class=\"font_8 wixui-rich-text__text\"><span class=\"color_26 wixui-rich-text__text\">Nous sommes au service des Qu\u00e9b\u00e9cois dans tous les \u00e9tablissements du r\u00e9seau public de sant\u00e9 et des services sociaux.<\/span><\/p><p class=\"font_8 wixui-rich-text__text\"><span style=\"text-align: var(--text-align); font-size: 1rem;\">Dans les h\u00f4pitaux, les CHSLD, les CSSS, les Centres jeunesse, les centres d\u2019h\u00e9bergement, les centres de r\u00e9adaptation, les foyers pour personnes en difficult\u00e9 \u2015 souvent en coulisse \u2015, nous accomplissons une multitude de t\u00e2ches essentielles \u00e0 la qualit\u00e9 des soins et des services<\/span><\/p>\t\t\t\t\t\t\t\t<\/div>\n\t\t\t\t<\/div>\n\t\t\t\t<\/div>\n\t\t<div class=\"elementor-element elementor-element-fdac3f3 e-con-full e-flex wpr-particle-no wpr-jarallax-no wpr-parallax-no wpr-sticky-section-no wpr-equal-height-no e-con e-child\" data-id=\"fdac3f3\" data-element_type=\"container\" data-e-type=\"container\" data-settings=\"{&quot;_ha_eqh_enable&quot;:false}\">\n\t\t\t\t<div class=\"elementor-element elementor-element-2941eff elementor-widget elementor-widget-heading\" data-id=\"2941eff\" data-element_type=\"widget\" data-e-type=\"widget\" data-widget_type=\"heading.default\">\n\t\t\t\t<div class=\"elementor-widget-container\">\n\t\t\t\t\t<h2 class=\"elementor-heading-title elementor-size-default\">Du m\u00e9tier<\/h2>\t\t\t\t<\/div>\n\t\t\t\t<\/div>\n\t\t\t\t<div class=\"elementor-element elementor-element-abc3988 elementor-widget elementor-widget-text-editor\" data-id=\"abc3988\" data-element_type=\"widget\" data-e-type=\"widget\" data-widget_type=\"text-editor.default\">\n\t\t\t\t<div class=\"elementor-widget-container\">\n\t\t\t\t\t\t\t\t\t<p class=\"font_8 wixui-rich-text__text\"><span class=\"color_26 wixui-rich-text__text\">Nous faisons partie du groupe d\u2019emplois le plus nombreux et le plus vari\u00e9 du r\u00e9seau public de sant\u00e9 et de services sociaux. Des infirmi\u00e8res aux th\u00e9rapeutes, en passant par les pr\u00e9pos\u00e9s aux b\u00e9n\u00e9ficiaires, agents administratifs, techniciens, commis, travailleurs sociaux et gens de m\u00e9tier de toutes sortes, nous mettons au service des usagers une foule de comp\u00e9tences issues de formations professionnelles ou techniques. Nous travaillons \u00e0 votre sant\u00e9 avec beaucoup de rigueur. Et de savoir-faire.<\/span><\/p><p class=\"font_8 wixui-rich-text__text\"><span class=\"color_26 wixui-rich-text__text\">Les p\u00e9risoignants sont titulaires de plus de 200 titres d\u2019emplois.<\/span><\/p>\t\t\t\t\t\t\t\t<\/div>\n\t\t\t\t<\/div>\n\t\t\t\t<\/div>\n\t\t<div class=\"elementor-element elementor-element-49b72f7 e-con-full e-flex wpr-particle-no wpr-jarallax-no wpr-parallax-no wpr-sticky-section-no wpr-equal-height-no e-con e-child\" data-id=\"49b72f7\" data-element_type=\"container\" data-e-type=\"container\" data-settings=\"{&quot;_ha_eqh_enable&quot;:false}\">\n\t\t\t\t<div class=\"elementor-element elementor-element-7135a66 elementor-widget elementor-widget-heading\" data-id=\"7135a66\" data-element_type=\"widget\" data-e-type=\"widget\" data-widget_type=\"heading.default\">\n\t\t\t\t<div class=\"elementor-widget-container\">\n\t\t\t\t\t<h2 class=\"elementor-heading-title elementor-size-default\">Du c\u0153ur<\/h2>\t\t\t\t<\/div>\n\t\t\t\t<\/div>\n\t\t\t\t<div class=\"elementor-element elementor-element-92feef6 elementor-widget elementor-widget-text-editor\" data-id=\"92feef6\" data-element_type=\"widget\" data-e-type=\"widget\" data-widget_type=\"text-editor.default\">\n\t\t\t\t<div class=\"elementor-widget-container\">\n\t\t\t\t\t\t\t\t\t<p class=\"font_8 wixui-rich-text__text\"><span class=\"color_26 wixui-rich-text__text\">Nous avons choisi d\u2019\u0153uvrer en sant\u00e9 et services sociaux. C\u2019est un secteur exigeant, certes, mais nous y sommes dans notre \u00e9l\u00e9ment.<\/span><\/p><p class=\"font_8 wixui-rich-text__text\"><span style=\"text-align: var(--text-align); font-size: 1rem;\">Nous travaillons pour que les \u00e9tablissements du r\u00e9seau public fonctionnent, tout en nous assurant que la qualit\u00e9 et l\u2019humanit\u00e9 des services soient au rendez-vous. Il est d\u2019ailleurs fr\u00e9quent que nous accomplissions des actes et fassions des gestes allant bien au-del\u00e0 des exigences de notre emploi.<\/span><\/p><p class=\"font_8 wixui-rich-text__text\"><span style=\"text-align: var(--text-align); font-size: 1rem;\">Nous aimons travailler \u00e0 votre sant\u00e9 et \u00e0 votre bien-\u00eatre. Nous le faisons avec beaucoup de c\u0153ur. Et autant de fiert\u00e9.<\/span><\/p>\t\t\t\t\t\t\t\t<\/div>\n\t\t\t\t<\/div>\n\t\t\t\t<\/div>\n\t\t<div class=\"elementor-element elementor-element-b546381 e-con-full e-flex wpr-particle-no wpr-jarallax-no wpr-parallax-no wpr-sticky-section-no wpr-equal-height-no e-con e-child\" data-id=\"b546381\" data-element_type=\"container\" data-e-type=\"container\" data-settings=\"{&quot;_ha_eqh_enable&quot;:false}\">\n\t\t\t\t<div class=\"elementor-element elementor-element-3b339ba elementor-widget elementor-widget-heading\" data-id=\"3b339ba\" data-element_type=\"widget\" data-e-type=\"widget\" data-widget_type=\"heading.default\">\n\t\t\t\t<div class=\"elementor-widget-container\">\n\t\t\t\t\t<h2 class=\"elementor-heading-title elementor-size-default\">Nos emplois<\/h2>\t\t\t\t<\/div>\n\t\t\t\t<\/div>\n\t\t\t\t<div class=\"elementor-element elementor-element-d2a6236 elementor-widget elementor-widget-text-editor\" data-id=\"d2a6236\" data-element_type=\"widget\" data-e-type=\"widget\" data-widget_type=\"text-editor.default\">\n\t\t\t\t<div class=\"elementor-widget-container\">\n\t\t\t\t\t\t\t\t\t<p class=\"font_8 wixui-rich-text__text\"><span class=\"color_26 wixui-rich-text__text\">Il faut de tout pour faire le monde des p\u00e9risoignants, comme le d\u00e9montre la liste de nos titres d\u2019emploi regroup\u00e9s dans les quatre cat\u00e9gories suivantes :<\/span><\/p><p class=\"font_8 wixui-rich-text__text\"><span style=\"background-color: transparent; text-align: var(--text-align);\">Personnel paratechnique, services auxiliaires et m\u00e9tiers<\/span><\/p><ul class=\"color_26 font_8 wixui-rich-text__text\"><li class=\"wixui-rich-text__text\"><p class=\"font_8 wixui-rich-text__text\"><span class=\"color_26 wixui-rich-text__text\">Personnel de bureau, techniciens et professionnels de l\u2019administration<\/span><\/p><\/li><li class=\"wixui-rich-text__text\"><p class=\"font_8 wixui-rich-text__text\"><span class=\"color_26 wixui-rich-text__text\">Personnel en soins infirmiers et cardio-respiratoires<\/span><\/p><\/li><li class=\"wixui-rich-text__text\"><p class=\"font_8 wixui-rich-text__text\"><span class=\"color_26 wixui-rich-text__text\">Techniciens et professionnels de la sant\u00e9 et des services sociaux<\/span><\/p><\/li><\/ul>\t\t\t\t\t\t\t\t<\/div>\n\t\t\t\t<\/div>\n\t\t\t\t<\/div>\n\t\t\t\t\t<\/div>\n\t\t\t\t<\/div>\n\t\t<div class=\"elementor-element elementor-element-d8dddbc e-flex e-con-boxed wpr-particle-no wpr-jarallax-no wpr-parallax-no wpr-sticky-section-no wpr-equal-height-no e-con e-parent\" data-id=\"d8dddbc\" data-element_type=\"container\" data-e-type=\"container\" data-settings=\"{&quot;background_background&quot;:&quot;classic&quot;,&quot;_ha_eqh_enable&quot;:false}\">\n\t\t\t\t\t<div class=\"e-con-inner\">\n\t\t\t\t<div class=\"elementor-element elementor-element-917524c elementor-widget elementor-widget-heading\" data-id=\"917524c\" data-element_type=\"widget\" data-e-type=\"widget\" data-widget_type=\"heading.default\">\n\t\t\t\t<div class=\"elementor-widget-container\">\n\t\t\t\t\t<h2 class=\"elementor-heading-title elementor-size-default\">Vid\u00e9os de la campagne<\/h2>\t\t\t\t<\/div>\n\t\t\t\t<\/div>\n\t\t\t\t\t<\/div>\n\t\t\t\t<\/div>\n\t\t<div class=\"elementor-element elementor-element-b817ab0 e-grid e-con-boxed wpr-particle-no wpr-jarallax-no wpr-parallax-no wpr-sticky-section-no wpr-equal-height-no e-con e-parent\" data-id=\"b817ab0\" data-element_type=\"container\" data-e-type=\"container\" data-settings=\"{&quot;_ha_eqh_enable&quot;:false}\">\n\t\t\t\t\t<div class=\"e-con-inner\">\n\t\t\t\t<div class=\"elementor-element elementor-element-d4c423a elementor-widget elementor-widget-video\" data-id=\"d4c423a\" data-element_type=\"widget\" data-e-type=\"widget\" data-settings=\"{&quot;youtube_url&quot;:&quot;https:\\\/\\\/www.youtube.com\\\/watch?v=tRtIslsL8GM&amp;ab_channel=SCFP-Qu%C3%A9bec&quot;,&quot;yt_privacy&quot;:&quot;yes&quot;,&quot;video_type&quot;:&quot;youtube&quot;,&quot;controls&quot;:&quot;yes&quot;}\" data-widget_type=\"video.default\">\n\t\t\t\t<div class=\"elementor-widget-container\">\n\t\t\t\t\t\t\t<div class=\"elementor-wrapper elementor-open-inline\">\n\t\t\t<div class=\"elementor-video\"><\/div>\t\t<\/div>\n\t\t\t\t\t\t<\/div>\n\t\t\t\t<\/div>\n\t\t\t\t<div class=\"elementor-element elementor-element-26eeb1d elementor-widget elementor-widget-video\" data-id=\"26eeb1d\" data-element_type=\"widget\" data-e-type=\"widget\" data-settings=\"{&quot;youtube_url&quot;:&quot;https:\\\/\\\/www.youtube.com\\\/watch?v=HJzPViobQzY&amp;ab_channel=SCFP-Qu%C3%A9bec&quot;,&quot;video_type&quot;:&quot;youtube&quot;,&quot;controls&quot;:&quot;yes&quot;}\" data-widget_type=\"video.default\">\n\t\t\t\t<div class=\"elementor-widget-container\">\n\t\t\t\t\t\t\t<div class=\"elementor-wrapper elementor-open-inline\">\n\t\t\t<div class=\"elementor-video\"><\/div>\t\t<\/div>\n\t\t\t\t\t\t<\/div>\n\t\t\t\t<\/div>\n\t\t\t\t<div class=\"elementor-element elementor-element-4ae48aa elementor-widget elementor-widget-video\" data-id=\"4ae48aa\" data-element_type=\"widget\" data-e-type=\"widget\" data-settings=\"{&quot;youtube_url&quot;:&quot;https:\\\/\\\/www.youtube.com\\\/watch?v=OncZct2O4og&amp;ab_channel=SCFP-Qu%C3%A9bec&quot;,&quot;video_type&quot;:&quot;youtube&quot;,&quot;controls&quot;:&quot;yes&quot;}\" data-widget_type=\"video.default\">\n\t\t\t\t<div class=\"elementor-widget-container\">\n\t\t\t\t\t\t\t<div class=\"elementor-wrapper elementor-open-inline\">\n\t\t\t<div class=\"elementor-video\"><\/div>\t\t<\/div>\n\t\t\t\t\t\t<\/div>\n\t\t\t\t<\/div>\n\t\t\t\t<div class=\"elementor-element elementor-element-efb9e68 elementor-widget elementor-widget-video\" data-id=\"efb9e68\" data-element_type=\"widget\" data-e-type=\"widget\" data-settings=\"{&quot;youtube_url&quot;:&quot;https:\\\/\\\/www.youtube.com\\\/watch?v=J8WibCnbHU8&amp;ab_channel=SCFP-Qu%C3%A9bec&quot;,&quot;video_type&quot;:&quot;youtube&quot;,&quot;controls&quot;:&quot;yes&quot;}\" data-widget_type=\"video.default\">\n\t\t\t\t<div class=\"elementor-widget-container\">\n\t\t\t\t\t\t\t<div class=\"elementor-wrapper elementor-open-inline\">\n\t\t\t<div class=\"elementor-video\"><\/div>\t\t<\/div>\n\t\t\t\t\t\t<\/div>\n\t\t\t\t<\/div>\n\t\t\t\t<div class=\"elementor-element elementor-element-9b78660 elementor-widget elementor-widget-video\" data-id=\"9b78660\" data-element_type=\"widget\" data-e-type=\"widget\" data-settings=\"{&quot;youtube_url&quot;:&quot;https:\\\/\\\/www.youtube.com\\\/watch?v=QoKD3ZNmqvg&amp;ab_channel=SCFP-Qu%C3%A9bec&quot;,&quot;video_type&quot;:&quot;youtube&quot;,&quot;controls&quot;:&quot;yes&quot;}\" data-widget_type=\"video.default\">\n\t\t\t\t<div class=\"elementor-widget-container\">\n\t\t\t\t\t\t\t<div class=\"elementor-wrapper elementor-open-inline\">\n\t\t\t<div class=\"elementor-video\"><\/div>\t\t<\/div>\n\t\t\t\t\t\t<\/div>\n\t\t\t\t<\/div>\n\t\t\t\t<div class=\"elementor-element elementor-element-324f276 elementor-widget elementor-widget-video\" data-id=\"324f276\" data-element_type=\"widget\" data-e-type=\"widget\" data-settings=\"{&quot;youtube_url&quot;:&quot;https:\\\/\\\/www.youtube.com\\\/watch?v=xxvTcp9Z4h8&amp;ab_channel=SCFP-Qu%C3%A9bec&quot;,&quot;video_type&quot;:&quot;youtube&quot;,&quot;controls&quot;:&quot;yes&quot;}\" data-widget_type=\"video.default\">\n\t\t\t\t<div class=\"elementor-widget-container\">\n\t\t\t\t\t\t\t<div class=\"elementor-wrapper elementor-open-inline\">\n\t\t\t<div class=\"elementor-video\"><\/div>\t\t<\/div>\n\t\t\t\t\t\t<\/div>\n\t\t\t\t<\/div>\n\t\t\t\t\t<\/div>\n\t\t\t\t<\/div>\n\t\t\t\t<\/div>\n\t\t","protected":false},"excerpt":{"rendered":"<p>Notre nom Le n\u00e9ologisme p\u00e9risoignant est form\u00e9 du pr\u00e9fixe \u00ab p\u00e9ri \u00bb, venant du grec et signifiant \u00ab autour \u00bb, et du mot \u00ab soignant \u00bb. Il d\u00e9signe les diff\u00e9rents employ\u00e9s des \u00e9tablissements qui rel\u00e8vent du syst\u00e8me de sant\u00e9 et de services sociaux, autres que le personnel m\u00e9dical, et qui assument une multitude de t\u00e2ches dans le prolongement des soins et services. Une question d\u2019identit\u00e9 Contrairement \u00e0 des groupes bien d\u00e9finis et connus, comme les m\u00e9decins et les administrateurs, notre groupe d\u2019emplois n\u2019avait pas de nom pour l\u2019identifier spontan\u00e9ment et le distinguer. Une initiative du CPAS Le nom p\u00e9risoignant a \u00e9t\u00e9 cr\u00e9\u00e9 en 2012 \u00e0 l\u2019initiative du CPAS, qui regroupe 63 syndicats locaux repr\u00e9sentant plus de 20 000 employ\u00e9s du secteur public de la sant\u00e9 et des services sociaux. L\u2019adoption de cette nouvelle appellation fait partie des multiples efforts d\u00e9ploy\u00e9s par le CPAS et le SCFP pour faire reconna\u00eetre l\u2019importance du r\u00f4le de leurs membres et la valeur de leur travail dans le r\u00e9seau public de la sant\u00e9 et des services sociaux. En sant\u00e9, au public Le monde des p\u00e9risoignants est vaste et compte des gens d\u2019une multitude de disciplines. Votre formation pourrait peut-\u00eatre vous permettre d\u2019y faire une carri\u00e8re gratifiante. Et en oeuvrant dans le r\u00e9seau public de la sant\u00e9 et des services sociaux, c\u2019est au service des Qu\u00e9b\u00e9cois, et non d\u2019une compagnie, que vous exercerez vos talents et comp\u00e9tences. Pensez-y et renseignez-vous ! Qui sommes-nous Nous sommes des intervenants de disciplines tr\u00e8s diverses. De mille et une fa\u00e7ons, nous travaillons \u00e0 la sant\u00e9 et au bien-\u00eatre de millions d\u2019usagers du r\u00e9seau public de sant\u00e9 et de services sociaux. Nous apprenons \u00e0 des patients \u00e0 se remettre en mouvement, veillons \u00e0 leur bien-\u00eatre et \u00e0 leur autonomie, pr\u00e9parons leurs m\u00e9dicaments. Nous d\u00e9sinfectons les salles d\u2019op\u00e9ration, installons des appareils, cuisinons les repas, nettoyons la literie. Nous accueillons et renseignons. Nous voyons au bon fonctionnement des installations. Nous veillons \u00e0 la s\u00e9curit\u00e9, participons au cheminement des jeunes en difficult\u00e9 et contribuons \u00e0 l\u2019autonomie des personnes ayant des d\u00e9ficits visuels, auditifs ou autres. Et beaucoup plus encore. O\u00f9 travaillons-nous Nous sommes au service des Qu\u00e9b\u00e9cois dans tous les \u00e9tablissements du r\u00e9seau public de sant\u00e9 et des services sociaux. Dans les h\u00f4pitaux, les CHSLD, les CSSS, les Centres jeunesse, les centres d\u2019h\u00e9bergement, les centres de r\u00e9adaptation, les foyers pour personnes en difficult\u00e9 \u2015 souvent en coulisse \u2015, nous accomplissons une multitude de t\u00e2ches essentielles \u00e0 la qualit\u00e9 des soins et des services Du m\u00e9tier Nous faisons partie du groupe d\u2019emplois le plus nombreux et le plus vari\u00e9 du r\u00e9seau public de sant\u00e9 et de services sociaux. Des infirmi\u00e8res aux th\u00e9rapeutes, en passant par les pr\u00e9pos\u00e9s aux b\u00e9n\u00e9ficiaires, agents administratifs, techniciens, commis, travailleurs sociaux et gens de m\u00e9tier de toutes sortes, nous mettons au service des usagers une foule de comp\u00e9tences issues de formations professionnelles ou techniques. Nous travaillons \u00e0 votre sant\u00e9 avec beaucoup de rigueur. Et de savoir-faire. Les p\u00e9risoignants sont titulaires de plus de 200 titres d\u2019emplois. Du c\u0153ur Nous avons choisi d\u2019\u0153uvrer en sant\u00e9 et services sociaux. C\u2019est un secteur exigeant, certes, mais nous y sommes dans notre \u00e9l\u00e9ment. Nous travaillons pour que les \u00e9tablissements du r\u00e9seau public fonctionnent, tout en nous assurant que la qualit\u00e9 et l\u2019humanit\u00e9 des services soient au rendez-vous. Il est d\u2019ailleurs fr\u00e9quent que nous accomplissions des actes et fassions des gestes allant bien au-del\u00e0 des exigences de notre emploi. Nous aimons travailler \u00e0 votre sant\u00e9 et \u00e0 votre bien-\u00eatre. Nous le faisons avec beaucoup de c\u0153ur. Et autant de fiert\u00e9. Nos emplois Il faut de tout pour faire le monde des p\u00e9risoignants, comme le d\u00e9montre la liste de nos titres d\u2019emploi regroup\u00e9s dans les quatre cat\u00e9gories suivantes : Personnel paratechnique, services auxiliaires et m\u00e9tiers Personnel de bureau, techniciens et professionnels de l\u2019administration Personnel en soins infirmiers et cardio-respiratoires Techniciens et professionnels de la sant\u00e9 et des services sociaux Vid\u00e9os de la campagne<\/p>\n","protected":false},"author":1,"featured_media":0,"parent":0,"menu_order":0,"comment_status":"closed","ping_status":"closed","template":"","meta":{"_eb_attr":"","footnotes":""},"class_list":["post-5490","page","type-page","status-publish","hentry"],"yoast_head":"<!-- This site is optimized with the Yoast SEO Premium plugin v27.4 (Yoast SEO v27.5) - https:\/\/yoast.com\/product\/yoast-seo-premium-wordpress\/ -->\n<title>P\u00e9ri-soignants - Conseil provincial des affaires sociales<\/title>\n<meta name=\"robots\" content=\"index, follow, max-snippet:-1, max-image-preview:large, max-video-preview:-1\" \/>\n<link rel=\"canonical\" href=\"https:\/\/cpas.scfp.qc.ca\/?page_id=5490\" \/>\n<meta property=\"og:locale\" content=\"fr_FR\" \/>\n<meta property=\"og:type\" content=\"article\" \/>\n<meta property=\"og:title\" content=\"P\u00e9ri-soignants\" \/>\n<meta property=\"og:description\" content=\"Notre nom Le n\u00e9ologisme p\u00e9risoignant est form\u00e9 du pr\u00e9fixe \u00ab p\u00e9ri \u00bb, venant du grec et signifiant \u00ab autour \u00bb, et du mot \u00ab soignant \u00bb. Il d\u00e9signe les diff\u00e9rents employ\u00e9s des \u00e9tablissements qui rel\u00e8vent du syst\u00e8me de sant\u00e9 et de services sociaux, autres que le personnel m\u00e9dical, et qui assument une multitude de t\u00e2ches dans le prolongement des soins et services. Une question d\u2019identit\u00e9 Contrairement \u00e0 des groupes bien d\u00e9finis et connus, comme les m\u00e9decins et les administrateurs, notre groupe d\u2019emplois n\u2019avait pas de nom pour l\u2019identifier spontan\u00e9ment et le distinguer. Une initiative du CPAS Le nom p\u00e9risoignant a \u00e9t\u00e9 cr\u00e9\u00e9 en 2012 \u00e0 l\u2019initiative du CPAS, qui regroupe 63 syndicats locaux repr\u00e9sentant plus de 20 000 employ\u00e9s du secteur public de la sant\u00e9 et des services sociaux. L\u2019adoption de cette nouvelle appellation fait partie des multiples efforts d\u00e9ploy\u00e9s par le CPAS et le SCFP pour faire reconna\u00eetre l\u2019importance du r\u00f4le de leurs membres et la valeur de leur travail dans le r\u00e9seau public de la sant\u00e9 et des services sociaux. En sant\u00e9, au public Le monde des p\u00e9risoignants est vaste et compte des gens d\u2019une multitude de disciplines. Votre formation pourrait peut-\u00eatre vous permettre d\u2019y faire une carri\u00e8re gratifiante. Et en oeuvrant dans le r\u00e9seau public de la sant\u00e9 et des services sociaux, c\u2019est au service des Qu\u00e9b\u00e9cois, et non d\u2019une compagnie, que vous exercerez vos talents et comp\u00e9tences. Pensez-y et renseignez-vous ! Qui sommes-nous Nous sommes des intervenants de disciplines tr\u00e8s diverses. De mille et une fa\u00e7ons, nous travaillons \u00e0 la sant\u00e9 et au bien-\u00eatre de millions d\u2019usagers du r\u00e9seau public de sant\u00e9 et de services sociaux. Nous apprenons \u00e0 des patients \u00e0 se remettre en mouvement, veillons \u00e0 leur bien-\u00eatre et \u00e0 leur autonomie, pr\u00e9parons leurs m\u00e9dicaments. Nous d\u00e9sinfectons les salles d\u2019op\u00e9ration, installons des appareils, cuisinons les repas, nettoyons la literie. Nous accueillons et renseignons. Nous voyons au bon fonctionnement des installations. Nous veillons \u00e0 la s\u00e9curit\u00e9, participons au cheminement des jeunes en difficult\u00e9 et contribuons \u00e0 l\u2019autonomie des personnes ayant des d\u00e9ficits visuels, auditifs ou autres. Et beaucoup plus encore. O\u00f9 travaillons-nous Nous sommes au service des Qu\u00e9b\u00e9cois dans tous les \u00e9tablissements du r\u00e9seau public de sant\u00e9 et des services sociaux. Dans les h\u00f4pitaux, les CHSLD, les CSSS, les Centres jeunesse, les centres d\u2019h\u00e9bergement, les centres de r\u00e9adaptation, les foyers pour personnes en difficult\u00e9 \u2015 souvent en coulisse \u2015, nous accomplissons une multitude de t\u00e2ches essentielles \u00e0 la qualit\u00e9 des soins et des services Du m\u00e9tier Nous faisons partie du groupe d\u2019emplois le plus nombreux et le plus vari\u00e9 du r\u00e9seau public de sant\u00e9 et de services sociaux. Des infirmi\u00e8res aux th\u00e9rapeutes, en passant par les pr\u00e9pos\u00e9s aux b\u00e9n\u00e9ficiaires, agents administratifs, techniciens, commis, travailleurs sociaux et gens de m\u00e9tier de toutes sortes, nous mettons au service des usagers une foule de comp\u00e9tences issues de formations professionnelles ou techniques. Nous travaillons \u00e0 votre sant\u00e9 avec beaucoup de rigueur. Et de savoir-faire. Les p\u00e9risoignants sont titulaires de plus de 200 titres d\u2019emplois. Du c\u0153ur Nous avons choisi d\u2019\u0153uvrer en sant\u00e9 et services sociaux. C\u2019est un secteur exigeant, certes, mais nous y sommes dans notre \u00e9l\u00e9ment. Nous travaillons pour que les \u00e9tablissements du r\u00e9seau public fonctionnent, tout en nous assurant que la qualit\u00e9 et l\u2019humanit\u00e9 des services soient au rendez-vous. Il est d\u2019ailleurs fr\u00e9quent que nous accomplissions des actes et fassions des gestes allant bien au-del\u00e0 des exigences de notre emploi. Nous aimons travailler \u00e0 votre sant\u00e9 et \u00e0 votre bien-\u00eatre. Nous le faisons avec beaucoup de c\u0153ur. Et autant de fiert\u00e9. Nos emplois Il faut de tout pour faire le monde des p\u00e9risoignants, comme le d\u00e9montre la liste de nos titres d\u2019emploi regroup\u00e9s dans les quatre cat\u00e9gories suivantes : Personnel paratechnique, services auxiliaires et m\u00e9tiers Personnel de bureau, techniciens et professionnels de l\u2019administration Personnel en soins infirmiers et cardio-respiratoires Techniciens et professionnels de la sant\u00e9 et des services sociaux Vid\u00e9os de la campagne\" \/>\n<meta property=\"og:url\" content=\"https:\/\/cpas.scfp.qc.ca\/?page_id=5490\" \/>\n<meta property=\"og:site_name\" content=\"Conseil provincial des affaires sociales\" \/>\n<meta property=\"article:publisher\" content=\"https:\/\/www.facebook.com\/cpas.scfp\" \/>\n<meta property=\"article:modified_time\" content=\"2024-02-21T20:57:50+00:00\" \/>\n<meta property=\"og:image\" content=\"https:\/\/cpas.scfp.qc.ca\/wp-content\/uploads\/2024\/01\/image_edited.jpg\" \/>\n<meta name=\"twitter:card\" content=\"summary_large_image\" \/>\n<meta name=\"twitter:site\" content=\"@RechercheCPAS\" \/>\n<meta name=\"twitter:label1\" content=\"Dur\u00e9e de lecture estim\u00e9e\" \/>\n\t<meta name=\"twitter:data1\" content=\"4 minutes\" \/>\n<script type=\"application\/ld+json\" class=\"yoast-schema-graph\">{\"@context\":\"https:\\\/\\\/schema.org\",\"@graph\":[{\"@type\":\"WebPage\",\"@id\":\"https:\\\/\\\/cpas.scfp.qc.ca\\\/?page_id=5490\",\"url\":\"https:\\\/\\\/cpas.scfp.qc.ca\\\/?page_id=5490\",\"name\":\"P\u00e9ri-soignants - Conseil provincial des affaires sociales\",\"isPartOf\":{\"@id\":\"https:\\\/\\\/cpas.scfp.qc.ca\\\/#website\"},\"primaryImageOfPage\":{\"@id\":\"https:\\\/\\\/cpas.scfp.qc.ca\\\/?page_id=5490#primaryimage\"},\"image\":{\"@id\":\"https:\\\/\\\/cpas.scfp.qc.ca\\\/?page_id=5490#primaryimage\"},\"thumbnailUrl\":\"https:\\\/\\\/cpas.scfp.qc.ca\\\/wp-content\\\/uploads\\\/2024\\\/01\\\/image_edited.jpg\",\"datePublished\":\"2024-01-30T19:05:24+00:00\",\"dateModified\":\"2024-02-21T20:57:50+00:00\",\"breadcrumb\":{\"@id\":\"https:\\\/\\\/cpas.scfp.qc.ca\\\/?page_id=5490#breadcrumb\"},\"inLanguage\":\"fr-FR\",\"potentialAction\":[{\"@type\":\"ReadAction\",\"target\":[\"https:\\\/\\\/cpas.scfp.qc.ca\\\/?page_id=5490\"]}]},{\"@type\":\"ImageObject\",\"inLanguage\":\"fr-FR\",\"@id\":\"https:\\\/\\\/cpas.scfp.qc.ca\\\/?page_id=5490#primaryimage\",\"url\":\"https:\\\/\\\/cpas.scfp.qc.ca\\\/wp-content\\\/uploads\\\/2024\\\/01\\\/image_edited.jpg\",\"contentUrl\":\"https:\\\/\\\/cpas.scfp.qc.ca\\\/wp-content\\\/uploads\\\/2024\\\/01\\\/image_edited.jpg\",\"width\":497,\"height\":116},{\"@type\":\"BreadcrumbList\",\"@id\":\"https:\\\/\\\/cpas.scfp.qc.ca\\\/?page_id=5490#breadcrumb\",\"itemListElement\":[{\"@type\":\"ListItem\",\"position\":1,\"name\":\"Accueil\",\"item\":\"https:\\\/\\\/cpas.scfp.qc.ca\\\/\"},{\"@type\":\"ListItem\",\"position\":2,\"name\":\"P\u00e9ri-soignants\"}]},{\"@type\":\"WebSite\",\"@id\":\"https:\\\/\\\/cpas.scfp.qc.ca\\\/#website\",\"url\":\"https:\\\/\\\/cpas.scfp.qc.ca\\\/\",\"name\":\"Conseil provincial des affaires sociales\",\"description\":\"Du m\u00e9tier et du c\u0153ur\",\"publisher\":{\"@id\":\"https:\\\/\\\/cpas.scfp.qc.ca\\\/#organization\"},\"alternateName\":\"CPAS\",\"potentialAction\":[{\"@type\":\"SearchAction\",\"target\":{\"@type\":\"EntryPoint\",\"urlTemplate\":\"https:\\\/\\\/cpas.scfp.qc.ca\\\/?s={search_term_string}\"},\"query-input\":{\"@type\":\"PropertyValueSpecification\",\"valueRequired\":true,\"valueName\":\"search_term_string\"}}],\"inLanguage\":\"fr-FR\"},{\"@type\":\"Organization\",\"@id\":\"https:\\\/\\\/cpas.scfp.qc.ca\\\/#organization\",\"name\":\"Conseil provincial des affaires sociales\",\"alternateName\":\"CPAS\",\"url\":\"https:\\\/\\\/cpas.scfp.qc.ca\\\/\",\"logo\":{\"@type\":\"ImageObject\",\"inLanguage\":\"fr-FR\",\"@id\":\"https:\\\/\\\/cpas.scfp.qc.ca\\\/#\\\/schema\\\/logo\\\/image\\\/\",\"url\":\"https:\\\/\\\/cpas.scfp.qc.ca\\\/wp-content\\\/uploads\\\/2023\\\/12\\\/logo_cpas_horizontalsignature_rgb.png\",\"contentUrl\":\"https:\\\/\\\/cpas.scfp.qc.ca\\\/wp-content\\\/uploads\\\/2023\\\/12\\\/logo_cpas_horizontalsignature_rgb.png\",\"width\":1980,\"height\":1980,\"caption\":\"Conseil provincial des affaires sociales\"},\"image\":{\"@id\":\"https:\\\/\\\/cpas.scfp.qc.ca\\\/#\\\/schema\\\/logo\\\/image\\\/\"},\"sameAs\":[\"https:\\\/\\\/www.facebook.com\\\/cpas.scfp\",\"https:\\\/\\\/x.com\\\/RechercheCPAS\",\"https:\\\/\\\/www.instagram.com\\\/cpas_scfp\\\/\",\"https:\\\/\\\/www.linkedin.com\\\/company\\\/100101794\\\/admin\\\/feed\\\/posts\\\/\",\"https:\\\/\\\/www.threads.com\\\/@cpas_scfp\",\"https:\\\/\\\/bsky.app\\\/profile\\\/cpas-scfp.bsky.social\",\"https:\\\/\\\/www.tiktok.com\\\/@cpasscfp\"],\"description\":\"Le Conseil provincial des affaires sociales (CPAS) rassemble plus de 35 000 travailleuses et travailleurs du secteur de la sant\u00e9 et des services sociaux syndiqu\u00e9s aupr\u00e8s du Syndicat canadien de la fonction publique (SCFP).\",\"email\":\"info@scfpcpas.ca\",\"telephone\":\"4384766448\",\"legalName\":\"Conseil provincial des affaires sociales\"}]}<\/script>\n<!-- \/ Yoast SEO Premium plugin. -->","yoast_head_json":{"title":"P\u00e9ri-soignants - Conseil provincial des affaires sociales","robots":{"index":"index","follow":"follow","max-snippet":"max-snippet:-1","max-image-preview":"max-image-preview:large","max-video-preview":"max-video-preview:-1"},"canonical":"https:\/\/cpas.scfp.qc.ca\/?page_id=5490","og_locale":"fr_FR","og_type":"article","og_title":"P\u00e9ri-soignants","og_description":"Notre nom Le n\u00e9ologisme p\u00e9risoignant est form\u00e9 du pr\u00e9fixe \u00ab p\u00e9ri \u00bb, venant du grec et signifiant \u00ab autour \u00bb, et du mot \u00ab soignant \u00bb. Il d\u00e9signe les diff\u00e9rents employ\u00e9s des \u00e9tablissements qui rel\u00e8vent du syst\u00e8me de sant\u00e9 et de services sociaux, autres que le personnel m\u00e9dical, et qui assument une multitude de t\u00e2ches dans le prolongement des soins et services. Une question d\u2019identit\u00e9 Contrairement \u00e0 des groupes bien d\u00e9finis et connus, comme les m\u00e9decins et les administrateurs, notre groupe d\u2019emplois n\u2019avait pas de nom pour l\u2019identifier spontan\u00e9ment et le distinguer. Une initiative du CPAS Le nom p\u00e9risoignant a \u00e9t\u00e9 cr\u00e9\u00e9 en 2012 \u00e0 l\u2019initiative du CPAS, qui regroupe 63 syndicats locaux repr\u00e9sentant plus de 20 000 employ\u00e9s du secteur public de la sant\u00e9 et des services sociaux. L\u2019adoption de cette nouvelle appellation fait partie des multiples efforts d\u00e9ploy\u00e9s par le CPAS et le SCFP pour faire reconna\u00eetre l\u2019importance du r\u00f4le de leurs membres et la valeur de leur travail dans le r\u00e9seau public de la sant\u00e9 et des services sociaux. En sant\u00e9, au public Le monde des p\u00e9risoignants est vaste et compte des gens d\u2019une multitude de disciplines. Votre formation pourrait peut-\u00eatre vous permettre d\u2019y faire une carri\u00e8re gratifiante. Et en oeuvrant dans le r\u00e9seau public de la sant\u00e9 et des services sociaux, c\u2019est au service des Qu\u00e9b\u00e9cois, et non d\u2019une compagnie, que vous exercerez vos talents et comp\u00e9tences. Pensez-y et renseignez-vous ! Qui sommes-nous Nous sommes des intervenants de disciplines tr\u00e8s diverses. De mille et une fa\u00e7ons, nous travaillons \u00e0 la sant\u00e9 et au bien-\u00eatre de millions d\u2019usagers du r\u00e9seau public de sant\u00e9 et de services sociaux. Nous apprenons \u00e0 des patients \u00e0 se remettre en mouvement, veillons \u00e0 leur bien-\u00eatre et \u00e0 leur autonomie, pr\u00e9parons leurs m\u00e9dicaments. Nous d\u00e9sinfectons les salles d\u2019op\u00e9ration, installons des appareils, cuisinons les repas, nettoyons la literie. Nous accueillons et renseignons. Nous voyons au bon fonctionnement des installations. Nous veillons \u00e0 la s\u00e9curit\u00e9, participons au cheminement des jeunes en difficult\u00e9 et contribuons \u00e0 l\u2019autonomie des personnes ayant des d\u00e9ficits visuels, auditifs ou autres. Et beaucoup plus encore. O\u00f9 travaillons-nous Nous sommes au service des Qu\u00e9b\u00e9cois dans tous les \u00e9tablissements du r\u00e9seau public de sant\u00e9 et des services sociaux. Dans les h\u00f4pitaux, les CHSLD, les CSSS, les Centres jeunesse, les centres d\u2019h\u00e9bergement, les centres de r\u00e9adaptation, les foyers pour personnes en difficult\u00e9 \u2015 souvent en coulisse \u2015, nous accomplissons une multitude de t\u00e2ches essentielles \u00e0 la qualit\u00e9 des soins et des services Du m\u00e9tier Nous faisons partie du groupe d\u2019emplois le plus nombreux et le plus vari\u00e9 du r\u00e9seau public de sant\u00e9 et de services sociaux. Des infirmi\u00e8res aux th\u00e9rapeutes, en passant par les pr\u00e9pos\u00e9s aux b\u00e9n\u00e9ficiaires, agents administratifs, techniciens, commis, travailleurs sociaux et gens de m\u00e9tier de toutes sortes, nous mettons au service des usagers une foule de comp\u00e9tences issues de formations professionnelles ou techniques. Nous travaillons \u00e0 votre sant\u00e9 avec beaucoup de rigueur. Et de savoir-faire. Les p\u00e9risoignants sont titulaires de plus de 200 titres d\u2019emplois. Du c\u0153ur Nous avons choisi d\u2019\u0153uvrer en sant\u00e9 et services sociaux. C\u2019est un secteur exigeant, certes, mais nous y sommes dans notre \u00e9l\u00e9ment. Nous travaillons pour que les \u00e9tablissements du r\u00e9seau public fonctionnent, tout en nous assurant que la qualit\u00e9 et l\u2019humanit\u00e9 des services soient au rendez-vous. Il est d\u2019ailleurs fr\u00e9quent que nous accomplissions des actes et fassions des gestes allant bien au-del\u00e0 des exigences de notre emploi. Nous aimons travailler \u00e0 votre sant\u00e9 et \u00e0 votre bien-\u00eatre. Nous le faisons avec beaucoup de c\u0153ur. Et autant de fiert\u00e9. Nos emplois Il faut de tout pour faire le monde des p\u00e9risoignants, comme le d\u00e9montre la liste de nos titres d\u2019emploi regroup\u00e9s dans les quatre cat\u00e9gories suivantes : Personnel paratechnique, services auxiliaires et m\u00e9tiers Personnel de bureau, techniciens et professionnels de l\u2019administration Personnel en soins infirmiers et cardio-respiratoires Techniciens et professionnels de la sant\u00e9 et des services sociaux Vid\u00e9os de la campagne","og_url":"https:\/\/cpas.scfp.qc.ca\/?page_id=5490","og_site_name":"Conseil provincial des affaires sociales","article_publisher":"https:\/\/www.facebook.com\/cpas.scfp","article_modified_time":"2024-02-21T20:57:50+00:00","og_image":[{"url":"https:\/\/cpas.scfp.qc.ca\/wp-content\/uploads\/2024\/01\/image_edited.jpg","type":"","width":"","height":""}],"twitter_card":"summary_large_image","twitter_site":"@RechercheCPAS","twitter_misc":{"Dur\u00e9e de lecture estim\u00e9e":"4 minutes"},"schema":{"@context":"https:\/\/schema.org","@graph":[{"@type":"WebPage","@id":"https:\/\/cpas.scfp.qc.ca\/?page_id=5490","url":"https:\/\/cpas.scfp.qc.ca\/?page_id=5490","name":"P\u00e9ri-soignants - Conseil provincial des affaires sociales","isPartOf":{"@id":"https:\/\/cpas.scfp.qc.ca\/#website"},"primaryImageOfPage":{"@id":"https:\/\/cpas.scfp.qc.ca\/?page_id=5490#primaryimage"},"image":{"@id":"https:\/\/cpas.scfp.qc.ca\/?page_id=5490#primaryimage"},"thumbnailUrl":"https:\/\/cpas.scfp.qc.ca\/wp-content\/uploads\/2024\/01\/image_edited.jpg","datePublished":"2024-01-30T19:05:24+00:00","dateModified":"2024-02-21T20:57:50+00:00","breadcrumb":{"@id":"https:\/\/cpas.scfp.qc.ca\/?page_id=5490#breadcrumb"},"inLanguage":"fr-FR","potentialAction":[{"@type":"ReadAction","target":["https:\/\/cpas.scfp.qc.ca\/?page_id=5490"]}]},{"@type":"ImageObject","inLanguage":"fr-FR","@id":"https:\/\/cpas.scfp.qc.ca\/?page_id=5490#primaryimage","url":"https:\/\/cpas.scfp.qc.ca\/wp-content\/uploads\/2024\/01\/image_edited.jpg","contentUrl":"https:\/\/cpas.scfp.qc.ca\/wp-content\/uploads\/2024\/01\/image_edited.jpg","width":497,"height":116},{"@type":"BreadcrumbList","@id":"https:\/\/cpas.scfp.qc.ca\/?page_id=5490#breadcrumb","itemListElement":[{"@type":"ListItem","position":1,"name":"Accueil","item":"https:\/\/cpas.scfp.qc.ca\/"},{"@type":"ListItem","position":2,"name":"P\u00e9ri-soignants"}]},{"@type":"WebSite","@id":"https:\/\/cpas.scfp.qc.ca\/#website","url":"https:\/\/cpas.scfp.qc.ca\/","name":"Conseil provincial des affaires sociales","description":"Du m\u00e9tier et du c\u0153ur","publisher":{"@id":"https:\/\/cpas.scfp.qc.ca\/#organization"},"alternateName":"CPAS","potentialAction":[{"@type":"SearchAction","target":{"@type":"EntryPoint","urlTemplate":"https:\/\/cpas.scfp.qc.ca\/?s={search_term_string}"},"query-input":{"@type":"PropertyValueSpecification","valueRequired":true,"valueName":"search_term_string"}}],"inLanguage":"fr-FR"},{"@type":"Organization","@id":"https:\/\/cpas.scfp.qc.ca\/#organization","name":"Conseil provincial des affaires sociales","alternateName":"CPAS","url":"https:\/\/cpas.scfp.qc.ca\/","logo":{"@type":"ImageObject","inLanguage":"fr-FR","@id":"https:\/\/cpas.scfp.qc.ca\/#\/schema\/logo\/image\/","url":"https:\/\/cpas.scfp.qc.ca\/wp-content\/uploads\/2023\/12\/logo_cpas_horizontalsignature_rgb.png","contentUrl":"https:\/\/cpas.scfp.qc.ca\/wp-content\/uploads\/2023\/12\/logo_cpas_horizontalsignature_rgb.png","width":1980,"height":1980,"caption":"Conseil provincial des affaires sociales"},"image":{"@id":"https:\/\/cpas.scfp.qc.ca\/#\/schema\/logo\/image\/"},"sameAs":["https:\/\/www.facebook.com\/cpas.scfp","https:\/\/x.com\/RechercheCPAS","https:\/\/www.instagram.com\/cpas_scfp\/","https:\/\/www.linkedin.com\/company\/100101794\/admin\/feed\/posts\/","https:\/\/www.threads.com\/@cpas_scfp","https:\/\/bsky.app\/profile\/cpas-scfp.bsky.social","https:\/\/www.tiktok.com\/@cpasscfp"],"description":"Le Conseil provincial des affaires sociales (CPAS) rassemble plus de 35 000 travailleuses et travailleurs du secteur de la sant\u00e9 et des services sociaux syndiqu\u00e9s aupr\u00e8s du Syndicat canadien de la fonction publique (SCFP).","email":"info@scfpcpas.ca","telephone":"4384766448","legalName":"Conseil provincial des affaires sociales"}]}},"jetpack_sharing_enabled":true,"_links":{"self":[{"href":"https:\/\/cpas.scfp.qc.ca\/index.php?rest_route=\/wp\/v2\/pages\/5490","targetHints":{"allow":["GET"]}}],"collection":[{"href":"https:\/\/cpas.scfp.qc.ca\/index.php?rest_route=\/wp\/v2\/pages"}],"about":[{"href":"https:\/\/cpas.scfp.qc.ca\/index.php?rest_route=\/wp\/v2\/types\/page"}],"author":[{"embeddable":true,"href":"https:\/\/cpas.scfp.qc.ca\/index.php?rest_route=\/wp\/v2\/users\/1"}],"replies":[{"embeddable":true,"href":"https:\/\/cpas.scfp.qc.ca\/index.php?rest_route=%2Fwp%2Fv2%2Fcomments&post=5490"}],"version-history":[{"count":16,"href":"https:\/\/cpas.scfp.qc.ca\/index.php?rest_route=\/wp\/v2\/pages\/5490\/revisions"}],"predecessor-version":[{"id":5580,"href":"https:\/\/cpas.scfp.qc.ca\/index.php?rest_route=\/wp\/v2\/pages\/5490\/revisions\/5580"}],"wp:attachment":[{"href":"https:\/\/cpas.scfp.qc.ca\/index.php?rest_route=%2Fwp%2Fv2%2Fmedia&parent=5490"}],"curies":[{"name":"wp","href":"https:\/\/api.w.org\/{rel}","templated":true}]}}